{"id":101,"date":"2017-02-18T08:28:11","date_gmt":"2017-02-18T07:28:11","guid":{"rendered":"https:\/\/elex.link\/elex2017\/?page_id=101"},"modified":"2019-09-28T11:28:18","modified_gmt":"2019-09-28T11:28:18","slug":"organising-committee","status":"publish","type":"page","link":"https:\/\/elex.link\/elex2019\/organising-committee\/","title":{"rendered":"Organising committee"},"content":{"rendered":"\n<style type=\"text\/css\" data-created_by=\"avia_inline_auto\" id=\"style-css-av-6u7x-238991b9959ce2b4747d704fc7a5fcc8\">\n.flex_column.av-6u7x-238991b9959ce2b4747d704fc7a5fcc8{\nborder-radius:0px 0px 0px 0px;\npadding:0px 0px 0px 0px;\n}\n<\/style>\n<div  class='flex_column av-6u7x-238991b9959ce2b4747d704fc7a5fcc8 av_one_full  avia-builder-el-0  avia-builder-el-no-sibling  first flex_column_div av-zero-column-padding  '     ><section  class='av_textblock_section av-hftxh-3f5f317c828457b63fbe714243b965b5 '   itemscope=\"itemscope\" itemtype=\"https:\/\/schema.org\/CreativeWork\" ><div class='avia_textblock'  itemprop=\"text\" ><h2>Members of the organizing committee<\/h2>\n<\/div><\/section><br \/>\n\n<style type=\"text\/css\" data-created_by=\"avia_inline_auto\" id=\"style-css-av-jq6e6tsg-ca2b64edb0ad6f50101077624702476f\">\n#top .hr.hr-invisible.av-jq6e6tsg-ca2b64edb0ad6f50101077624702476f{\nheight:20px;\n}\n<\/style>\n<div  class='hr av-jq6e6tsg-ca2b64edb0ad6f50101077624702476f hr-invisible  avia-builder-el-2  el_after_av_textblock  el_before_av_textblock '><span class='hr-inner '><span class=\"hr-inner-style\"><\/span><\/span><\/div><br \/>\n<section  class='av_textblock_section av-8errp-f6f486b69abf0fe77733e526aa6b0c2d '   itemscope=\"itemscope\" itemtype=\"https:\/\/schema.org\/CreativeWork\" ><div class='avia_textblock'  itemprop=\"text\" ><p><strong>Tanara Zingano Kuhn<\/strong>\u00a0(head of the organising committee)<br \/>\nCELGA-ILTEC, University of Coimbra<\/p>\n<p><strong>Margarita Correia<br \/>\n<\/strong>CELGA-ILTEC, University of Coimbra \/\u00a0University of Lisbon<\/p>\n<p><strong>Jos\u00e9 Pedro Ferreria<br \/>\n<\/strong>CELGA-ILTEC, University of Coimbra<\/p>\n<p><strong>Maarten Janssen<br \/>\n<\/strong>CELGA-ILTEC, University of Coimbra<\/p>\n<p><strong>Isabel Pereira<\/strong><br \/>\nCELGA-ILTEC, University of Coimbra<\/p>\n<p><strong>Jelena Kallas<br \/>\n<\/strong>Institute of the Estonian Language<\/p>\n<p><strong>Milo\u0161 Jakub\u00ed\u010dek<br \/>\n<\/strong>Lexical Computing CZ s.r.o.<\/p>\n<p><strong>Iztok Kosem<br \/>\n<\/strong>Centre for Applied Linguistics, Trojina \/ Faculty of Arts, University of Ljubljana<\/p>\n<p><strong>Simon Krek<br \/>\n<\/strong>Centre for Language Resources and Technologies, University of Ljubljana \/ \u201cJo\u017eef Stefan\u201d Institute<\/p>\n<p><strong>Carole Tiberius<br \/>\n<\/strong>Dutch Language Institute<\/p>\n<p><strong>Ond\u0159ej Matu\u0161ka<br \/>\n<\/strong>Lexical Computing CZ s.r.o.<\/p>\n<p><strong>Teja Goli<br \/>\n<\/strong>Centre for Language Resources and Technologies, University of Ljubljana \/ \u201cJo\u017eef Stefan\u201d Institute<\/p>\n<\/div><\/section><\/p><\/div>\n","protected":false},"excerpt":{"rendered":"","protected":false},"author":3,"featured_media":0,"parent":0,"menu_order":0,"comment_status":"closed","ping_status":"closed","template":"","meta":{"footnotes":""},"class_list":["post-101","page","type-page","status-publish","hentry"],"_links":{"self":[{"href":"https:\/\/elex.link\/elex2019\/wp-json\/wp\/v2\/pages\/101","targetHints":{"allow":["GET"]}}],"collection":[{"href":"https:\/\/elex.link\/elex2019\/wp-json\/wp\/v2\/pages"}],"about":[{"href":"https:\/\/elex.link\/elex2019\/wp-json\/wp\/v2\/types\/page"}],"author":[{"embeddable":true,"href":"https:\/\/elex.link\/elex2019\/wp-json\/wp\/v2\/users\/3"}],"replies":[{"embeddable":true,"href":"https:\/\/elex.link\/elex2019\/wp-json\/wp\/v2\/comments?post=101"}],"version-history":[{"count":4,"href":"https:\/\/elex.link\/elex2019\/wp-json\/wp\/v2\/pages\/101\/revisions"}],"predecessor-version":[{"id":1180,"href":"https:\/\/elex.link\/elex2019\/wp-json\/wp\/v2\/pages\/101\/revisions\/1180"}],"wp:attachment":[{"href":"https:\/\/elex.link\/elex2019\/wp-json\/wp\/v2\/media?parent=101"}],"curies":[{"name":"wp","href":"https:\/\/api.w.org\/{rel}","templated":true}]}}